{"version":"1.0","provider_name":"Lanester Gym","provider_url":"https:\/\/www.lanestergym.fr","author_name":"jerome","author_url":"https:\/\/www.lanestergym.fr\/index.php\/author\/jerome\/","title":"Rentr\u00e9e au club Lanester Gymnastique - Lanester Gym","type":"rich","width":600,"height":338,"html":"<blockquote class=\"wp-embedded-content\" data-secret=\"6wTGjuszAe\"><a href=\"https:\/\/www.lanestergym.fr\/index.php\/2025\/08\/29\/rentree-au-club-lanester-gymnastique\/\">Rentr\u00e9e au club Lanester Gymnastique<\/a><\/blockquote><iframe sandbox=\"allow-scripts\" security=\"restricted\" src=\"https:\/\/www.lanestergym.fr\/index.php\/2025\/08\/29\/rentree-au-club-lanester-gymnastique\/embed\/#?secret=6wTGjuszAe\" width=\"600\" height=\"338\" title=\"\u00ab\u00a0Rentr\u00e9e au club Lanester Gymnastique\u00a0\u00bb &#8212; Lanester Gym\" data-secret=\"6wTGjuszAe\" frameborder=\"0\" marginwidth=\"0\" marginheight=\"0\" scrolling=\"no\" class=\"wp-embedded-content\"><\/iframe><script>\n\/*! This file is auto-generated *\/\n!function(d,l){\"use strict\";l.querySelector&&d.addEventListener&&\"undefined\"!=typeof URL&&(d.wp=d.wp||{},d.wp.receiveEmbedMessage||(d.wp.receiveEmbedMessage=function(e){var t=e.data;if((t||t.secret||t.message||t.value)&&!\/[^a-zA-Z0-9]\/.test(t.secret)){for(var s,r,n,a=l.querySelectorAll('iframe[data-secret=\"'+t.secret+'\"]'),o=l.querySelectorAll('blockquote[data-secret=\"'+t.secret+'\"]'),c=new RegExp(\"^https?:$\",\"i\"),i=0;i<o.length;i++)o[i].style.display=\"none\";for(i=0;i<a.length;i++)s=a[i],e.source===s.contentWindow&&(s.removeAttribute(\"style\"),\"height\"===t.message?(1e3<(r=parseInt(t.value,10))?r=1e3:~~r<200&&(r=200),s.height=r):\"link\"===t.message&&(r=new URL(s.getAttribute(\"src\")),n=new URL(t.value),c.test(n.protocol))&&n.host===r.host&&l.activeElement===s&&(d.top.location.href=t.value))}},d.addEventListener(\"message\",d.wp.receiveEmbedMessage,!1),l.addEventListener(\"DOMContentLoaded\",function(){for(var e,t,s=l.querySelectorAll(\"iframe.wp-embedded-content\"),r=0;r<s.length;r++)(t=(e=s[r]).getAttribute(\"data-secret\"))||(t=Math.random().toString(36).substring(2,12),e.src+=\"#?secret=\"+t,e.setAttribute(\"data-secret\",t)),e.contentWindow.postMessage({message:\"ready\",secret:t},\"*\")},!1)))}(window,document);\n\/\/# sourceURL=https:\/\/www.lanestergym.fr\/wp-includes\/js\/wp-embed.min.js\n<\/script>\n","thumbnail_url":"https:\/\/www.lanestergym.fr\/wp-content\/uploads\/2025\/08\/photoArticleTelegrammeSite.jpeg","thumbnail_width":1536,"thumbnail_height":2048,"description":"La saison reprend pour les adh\u00e9rents de Lanester Gymnastique ! Depuis le 11 ao\u00fbt, certains groupes (performance, poussins, poussines et divisions nationales) ont d\u00e9j\u00e0 retrouv\u00e9 les agr\u00e8s lors de stages de pr\u00e9paration. La reprise des cours pour tous est pr\u00e9vue \u00e0 partir du 8 septembre. Cette ann\u00e9e, plusieurs nouveaut\u00e9s attendent les sportifs : Un bel [&hellip;]"}